{"id":779,"date":"2025-06-17T08:10:17","date_gmt":"2025-06-17T06:10:17","guid":{"rendered":"https:\/\/max-marina.com\/caratteristiche\/"},"modified":"2026-01-15T15:40:51","modified_gmt":"2026-01-15T14:40:51","slug":"caratteristiche","status":"publish","type":"page","link":"https:\/\/max-marina.com\/it\/caratteristiche\/","title":{"rendered":"Caratteristiche"},"content":{"rendered":"<p>[et_pb_section fb_built=&#8221;1&#8243; custom_padding_last_edited=&#8221;on|phone&#8221; admin_label=&#8221;Header&#8221; module_id=&#8221;mainhero&#8221; module_class=&#8221;mainhero&#8221; _builder_version=&#8221;4.27.4&#8243; _module_preset=&#8221;default&#8221; background_color=&#8221;#000000&#8243; use_background_color_gradient=&#8221;on&#8221; background_color_gradient_stops=&#8221;rgba(0,0,0,0.25) 62%|rgba(0,0,0,0.7) 99%&#8221; background_color_gradient_overlays_image=&#8221;on&#8221; background_image=&#8221;https:\/\/max-marina.com\/wp-content\/uploads\/2026\/01\/AdobeStock_497291321-1.webp&#8221; parallax=&#8221;on&#8221; width=&#8221;94%&#8221; width_tablet=&#8221;92%&#8221; width_phone=&#8221;92%&#8221; width_last_edited=&#8221;on|phone&#8221; max_width=&#8221;2000px&#8221; module_alignment=&#8221;center&#8221; custom_margin=&#8221;0vw||||false|false&#8221; custom_padding=&#8221;4vw||4vw||true|false&#8221; custom_padding_tablet=&#8221;4vw||4vw||true|false&#8221; custom_padding_phone=&#8221;4vw||0vw||false|false&#8221; filter_brightness=&#8221;125%&#8221; border_radii=&#8221;on|10px|10px|10px|10px&#8221; locked=&#8221;off&#8221; collapsed=&#8221;on&#8221; global_colors_info=&#8221;{}&#8221;][et_pb_row _builder_version=&#8221;4.27.4&#8243; _module_preset=&#8221;default&#8221; width=&#8221;92%&#8221; width_tablet=&#8221;97%&#8221; width_phone=&#8221;97%&#8221; width_last_edited=&#8221;on|tablet&#8221; global_colors_info=&#8221;{}&#8221;][et_pb_column type=&#8221;4_4&#8243; _builder_version=&#8221;4.21.0&#8243; _module_preset=&#8221;default&#8221; global_colors_info=&#8221;{}&#8221;][et_pb_text _builder_version=&#8221;4.27.4&#8243; _module_preset=&#8221;4591faa6-06ce-4b79-aac3-df5187e6d817&#8243; header_font=&#8221;Bellota|700|||||||&#8221; header_text_color=&#8221;#FFFFFF&#8221; text_orientation=&#8221;center&#8221; header_font_size_tablet=&#8221;45px&#8221; header_font_size_phone=&#8221;34px&#8221; header_font_size_last_edited=&#8221;on|phone&#8221; header_line_height_tablet=&#8221;1.4em&#8221; header_line_height_phone=&#8221;1.4em&#8221; header_line_height_last_edited=&#8221;on|phone&#8221; header_text_shadow_style=&#8221;preset5&#8243; header_text_shadow_horizontal_length=&#8221;0.03em&#8221; header_text_shadow_vertical_length=&#8221;0.03em&#8221; locked=&#8221;off&#8221; global_colors_info=&#8221;{}&#8221;]<\/p>\n<h1>Scopri la tua fuga perfetta nel cuore di Grado<\/h1>\n<p>[\/et_pb_text][et_pb_text _builder_version=&#8221;4.27.4&#8243; _module_preset=&#8221;d79881ed-662e-4b38-8db1-9a839d9e933b&#8221; header_4_font=&#8221;Bellota Text|700|||||||&#8221; header_4_text_color=&#8221;#FFFFFF&#8221; header_4_font_size=&#8221;22px&#8221; text_orientation=&#8221;center&#8221; max_width_tablet=&#8221;&#8221; max_width_phone=&#8221;270px&#8221; max_width_last_edited=&#8221;on|phone&#8221; module_alignment=&#8221;center&#8221; custom_margin=&#8221;||||false|false&#8221; header_4_font_size_tablet=&#8221;20px&#8221; header_4_font_size_phone=&#8221;20px&#8221; header_4_font_size_last_edited=&#8221;on|tablet&#8221; header_4_line_height_tablet=&#8221;&#8221; header_4_line_height_phone=&#8221;1.7em&#8221; header_4_line_height_last_edited=&#8221;on|phone&#8221; header_4_text_shadow_style=&#8221;preset5&#8243; header_4_text_shadow_horizontal_length=&#8221;0.03em&#8221; header_4_text_shadow_vertical_length=&#8221;0.03em&#8221; header_4_text_shadow_color=&#8221;rgba(0,0,0,0.7)&#8221; locked=&#8221;off&#8221; global_colors_info=&#8221;{}&#8221;]<\/p>\n<h4>Comfort, stile e vista sul porto<\/h4>\n<p>[\/et_pb_text][\/et_pb_column][\/et_pb_row][\/et_pb_section][et_pb_section fb_built=&#8221;1&#8243; _builder_version=&#8221;4.27.4&#8243; _module_preset=&#8221;default&#8221; global_colors_info=&#8221;{}&#8221;][et_pb_row column_structure=&#8221;2_3,1_3&#8243; _builder_version=&#8221;4.27.4&#8243; _module_preset=&#8221;default&#8221; width=&#8221;90%&#8221; max_width=&#8221;980px&#8221; module_alignment=&#8221;center&#8221; custom_css_main_element=&#8221;display: flex;&#8221; global_colors_info=&#8221;{}&#8221; custom_css_main_element_last_edited=&#8221;on|phone&#8221; custom_css_main_element_phone=&#8221;display: block;&#8221; custom_css_main_element_tablet=&#8221;display: flex;&#8221;][et_pb_column type=&#8221;2_3&#8243; _builder_version=&#8221;4.27.4&#8243; _module_preset=&#8221;default&#8221; custom_css_main_element=&#8221;margin: auto;&#8221; global_colors_info=&#8221;{}&#8221;][et_pb_text _builder_version=&#8221;4.27.4&#8243; _module_preset=&#8221;901417d0-b1c1-4e5a-b1db-742c9ee4e332&#8243; text_font=&#8221;||||||||&#8221; text_orientation=&#8221;justified&#8221; custom_margin=&#8221;||18px||false|false&#8221; text_font_size_tablet=&#8221;18px&#8221; text_font_size_phone=&#8221;16px&#8221; text_orientation_tablet=&#8221;justified&#8221; text_orientation_phone=&#8221;center&#8221; text_orientation_last_edited=&#8221;on|tablet&#8221; locked=&#8221;off&#8221; global_colors_info=&#8221;{}&#8221;]<\/p>\n<p>Questa casa privata completamente ristrutturata combina l&#8217;eleganza moderna con l&#8217;autentico carattere italiano. Pu\u00f2 ospitare fino a 12 persone in quattro eleganti camere da letto ed \u00e8 ideale per famiglie e gruppi che apprezzano il comfort, la posizione e i momenti indimenticabili da trascorrere insieme. <\/p>\n<p>La casa si trova nel vivace centro di Grado, affacciata sullo storico porto canale e a pochi passi dalla spiaggia. All&#8217;interno troverai spazi luminosi, arredi eleganti e tocchi di classe che ti faranno sentire subito a casa. <\/p>\n<p>[\/et_pb_text][\/et_pb_column][et_pb_column type=&#8221;1_3&#8243; _builder_version=&#8221;4.27.4&#8243; _module_preset=&#8221;default&#8221; background_color=&#8221;#f7f7f7&#8243; custom_padding=&#8221;25px||25px||true|false&#8221; border_radii=&#8221;on|10px|10px|10px|10px&#8221; global_colors_info=&#8221;{}&#8221;][et_pb_button button_url=&#8221;#amenities&#8221; button_text=&#8221;Interno della casa&#8221; button_alignment=&#8221;center&#8221; disabled_on=&#8221;on|on|off&#8221; _builder_version=&#8221;4.27.4&#8243; _module_preset=&#8221;01552cb6-5171-4588-a480-6895ce26a9ff&#8221; button_text_color=&#8221;#2c354a&#8221; button_border_width=&#8221;0px&#8221; button_use_icon=&#8221;off&#8221; custom_padding=&#8221;5px|5px|5px|5px|false|true&#8221; hover_enabled=&#8221;0&#8243; locked=&#8221;off&#8221; global_colors_info=&#8221;{}&#8221; transform_styles__hover_enabled=&#8221;on|hover&#8221; transform_scale__hover_enabled=&#8221;on|hover&#8221; transform_translate__hover_enabled=&#8221;on|desktop&#8221; transform_rotate__hover_enabled=&#8221;on|desktop&#8221; transform_skew__hover_enabled=&#8221;on|desktop&#8221; transform_origin__hover_enabled=&#8221;on|desktop&#8221; transform_scale__hover=&#8221;105%|105%&#8221; button_text_color__hover_enabled=&#8221;off|desktop&#8221; button_text_color__hover=&#8221;rgba(44,53,74,0.85)&#8221; sticky_enabled=&#8221;0&#8243;][\/et_pb_button][et_pb_button button_url=&#8221;https:\/\/grado.it\/it\/cosa-fare\/arte-storia-e-cultura&#8221; url_new_window=&#8221;on&#8221; button_text=&#8221;Visita la citt\u00e0&#8221; button_alignment=&#8221;center&#8221; disabled_on=&#8221;on|on|off&#8221; _builder_version=&#8221;4.27.4&#8243; _module_preset=&#8221;01552cb6-5171-4588-a480-6895ce26a9ff&#8221; button_text_color=&#8221;#2c354a&#8221; button_border_width=&#8221;0px&#8221; button_use_icon=&#8221;off&#8221; custom_padding=&#8221;5px|5px|5px|5px|false|true&#8221; hover_enabled=&#8221;0&#8243; locked=&#8221;off&#8221; global_colors_info=&#8221;{}&#8221; transform_styles__hover_enabled=&#8221;on|hover&#8221; transform_scale__hover_enabled=&#8221;on|hover&#8221; transform_translate__hover_enabled=&#8221;on|desktop&#8221; transform_rotate__hover_enabled=&#8221;on|desktop&#8221; transform_skew__hover_enabled=&#8221;on|desktop&#8221; transform_origin__hover_enabled=&#8221;on|desktop&#8221; transform_scale__hover=&#8221;105%|105%&#8221; sticky_enabled=&#8221;0&#8243;][\/et_pb_button][et_pb_button button_url=&#8221;https:\/\/grado.it\/it\/cosa-fare\/sport\/attivita-sportive-a-grado&#8221; url_new_window=&#8221;on&#8221; button_text=&#8221;Sport e attivit\u00e0&#8221; button_alignment=&#8221;center&#8221; disabled_on=&#8221;on|on|off&#8221; _builder_version=&#8221;4.27.4&#8243; _module_preset=&#8221;01552cb6-5171-4588-a480-6895ce26a9ff&#8221; button_text_color=&#8221;#2c354a&#8221; button_border_width=&#8221;0px&#8221; button_use_icon=&#8221;off&#8221; custom_padding=&#8221;5px|5px|5px|5px|false|true&#8221; hover_enabled=&#8221;0&#8243; locked=&#8221;off&#8221; global_colors_info=&#8221;{}&#8221; transform_styles__hover_enabled=&#8221;on|hover&#8221; transform_scale__hover_enabled=&#8221;on|hover&#8221; transform_translate__hover_enabled=&#8221;on|desktop&#8221; transform_rotate__hover_enabled=&#8221;on|desktop&#8221; transform_skew__hover_enabled=&#8221;on|desktop&#8221; transform_origin__hover_enabled=&#8221;on|desktop&#8221; transform_scale__hover=&#8221;105%|105%&#8221; sticky_enabled=&#8221;0&#8243;][\/et_pb_button][et_pb_button button_url=&#8221;https:\/\/grado.it\/it\/cosa-fare\/esplora-i-dintorni&#8221; url_new_window=&#8221;on&#8221; button_text=&#8221;I dintorni di Grado&#8221; button_alignment=&#8221;center&#8221; disabled_on=&#8221;on|on|off&#8221; _builder_version=&#8221;4.27.4&#8243; _module_preset=&#8221;01552cb6-5171-4588-a480-6895ce26a9ff&#8221; button_text_color=&#8221;#2c354a&#8221; button_border_width=&#8221;0px&#8221; button_use_icon=&#8221;off&#8221; custom_padding=&#8221;5px|5px|5px|5px|false|true&#8221; hover_enabled=&#8221;0&#8243; locked=&#8221;off&#8221; global_colors_info=&#8221;{}&#8221; transform_styles__hover_enabled=&#8221;on|hover&#8221; transform_scale__hover_enabled=&#8221;on|hover&#8221; transform_translate__hover_enabled=&#8221;on|desktop&#8221; transform_rotate__hover_enabled=&#8221;on|desktop&#8221; transform_skew__hover_enabled=&#8221;on|desktop&#8221; transform_origin__hover_enabled=&#8221;on|desktop&#8221; transform_scale__hover=&#8221;105%|105%&#8221; sticky_enabled=&#8221;0&#8243;][\/et_pb_button][\/et_pb_column][\/et_pb_row][\/et_pb_section][et_pb_section fb_built=&#8221;1&#8243; admin_label=&#8221;Features&#8221; _builder_version=&#8221;4.27.4&#8243; _module_preset=&#8221;default&#8221; use_background_color_gradient=&#8221;on&#8221; background_color_gradient_stops=&#8221;rgba(0,0,0,0.45) 60%|rgba(0,0,0,0.7) 100%&#8221; background_color_gradient_overlays_image=&#8221;on&#8221; background_image=&#8221;https:\/\/max-marina.com\/wp-content\/uploads\/2026\/01\/AdobeStock_328622806.webp&#8221; parallax=&#8221;on&#8221; parallax_method=&#8221;off&#8221; width=&#8221;94%&#8221; width_tablet=&#8221;92%&#8221; width_phone=&#8221;92%&#8221; width_last_edited=&#8221;on|desktop&#8221; max_width=&#8221;1350px&#8221; module_alignment=&#8221;center&#8221; min_height=&#8221;230px&#8221; min_height_tablet=&#8221;130px&#8221; min_height_phone=&#8221;200px&#8221; min_height_last_edited=&#8221;on|phone&#8221; custom_margin=&#8221;40px||40px||true|false&#8221; custom_margin_tablet=&#8221;60px||60px||true|false&#8221; custom_margin_phone=&#8221;30px||30px||true|false&#8221; custom_margin_last_edited=&#8221;on|phone&#8221; custom_padding=&#8221;6vw||6vw||true|false&#8221; background_last_edited=&#8221;on|phone&#8221; use_background_color_gradient_phone=&#8221;on&#8221; background_color_gradient_stops_phone=&#8221;rgba(0,0,0,0.15) 60%|rgba(0,0,0,0.7) 100%&#8221; border_radii=&#8221;on|10px|10px|10px|10px&#8221; locked=&#8221;off&#8221; collapsed=&#8221;on&#8221; global_colors_info=&#8221;{}&#8221;][et_pb_row _builder_version=&#8221;4.27.4&#8243; _module_preset=&#8221;default&#8221; global_colors_info=&#8221;{}&#8221;][et_pb_column type=&#8221;4_4&#8243; _builder_version=&#8221;4.27.4&#8243; _module_preset=&#8221;default&#8221; global_colors_info=&#8221;{}&#8221;][et_pb_divider show_divider=&#8221;off&#8221; _builder_version=&#8221;4.27.4&#8243; _module_preset=&#8221;default&#8221; height=&#8221;10px&#8221; global_colors_info=&#8221;{}&#8221;][\/et_pb_divider][\/et_pb_column][\/et_pb_row][\/et_pb_section][et_pb_section fb_built=&#8221;1&#8243; make_equal=&#8221;on&#8221; use_custom_gutter=&#8221;on&#8221; gutter_width=&#8221;2&#8243; custom_padding_last_edited=&#8221;off|phone&#8221; admin_label=&#8221;Features&#8221; module_id=&#8221;amenities&#8221; _builder_version=&#8221;4.27.4&#8243; _module_preset=&#8221;default&#8221; background_enable_color=&#8221;off&#8221; width=&#8221;94%&#8221; width_tablet=&#8221;92%&#8221; width_phone=&#8221;92%&#8221; width_last_edited=&#8221;on|desktop&#8221; max_width=&#8221;1350px&#8221; module_alignment=&#8221;center&#8221; custom_margin_tablet=&#8221;&#8221; custom_margin_phone=&#8221;15px||||false|false&#8221; custom_margin_last_edited=&#8221;on|phone&#8221; custom_padding=&#8221;33px|||||&#8221; hover_enabled=&#8221;0&#8243; border_radii=&#8221;off|||10px|10px&#8221; saved_tabs=&#8221;all&#8221; locked=&#8221;off&#8221; collapsed=&#8221;on&#8221; global_colors_info=&#8221;{%22gcid-5aa9ce6a-8a5e-4347-973a-c6b91f603234%22:%91%22background_color%22,%22background_color%22,%22background_color%22,%22background_color%22%93,%22gcid-70184d90-89dc-4d37-8a72-67bb78c7369e%22:%91%22background_color%22%93}&#8221; sticky_enabled=&#8221;0&#8243;][et_pb_row _builder_version=&#8221;4.27.4&#8243; _module_preset=&#8221;default&#8221; global_colors_info=&#8221;{}&#8221;][et_pb_column type=&#8221;4_4&#8243; _builder_version=&#8221;4.27.4&#8243; _module_preset=&#8221;default&#8221; global_colors_info=&#8221;{}&#8221;][et_pb_text _builder_version=&#8221;4.27.4&#8243; _module_preset=&#8221;f387829c-ed2c-4016-aeba-59de88b7aabb&#8221; header_2_font=&#8221;Bellota|700|||||||&#8221; header_2_text_color=&#8221;#2c354a&#8221; header_2_font_size=&#8221;55px&#8221; header_2_line_height=&#8221;1.4em&#8221; text_orientation=&#8221;center&#8221; header_2_font_size_phone=&#8221;28px&#8221; header_2_line_height_tablet=&#8221;1.8em&#8221; header_2_line_height_phone=&#8221;1.8em&#8221; header_2_line_height_last_edited=&#8221;on|tablet&#8221; locked=&#8221;off&#8221; global_colors_info=&#8221;{}&#8221;]<\/p>\n<h2>Caratteristiche e servizi<\/h2>\n<p>[\/et_pb_text][\/et_pb_column][\/et_pb_row][et_pb_row column_structure=&#8221;1_3,1_3,1_3&#8243; custom_padding_last_edited=&#8221;on|desktop&#8221; disabled_on=&#8221;off|on|off&#8221; _builder_version=&#8221;4.27.4&#8243; _module_preset=&#8221;default&#8221; custom_padding_tablet=&#8221;||0px||false|false&#8221; custom_padding_phone=&#8221;||0px||false|false&#8221; locked=&#8221;off&#8221; global_colors_info=&#8221;{}&#8221;][et_pb_column type=&#8221;1_3&#8243; _builder_version=&#8221;4.21.0&#8243; _module_preset=&#8221;default&#8221; global_colors_info=&#8221;{}&#8221;][et_pb_image src=&#8221;https:\/\/max-marina.com\/wp-content\/uploads\/2025\/06\/home-rental-10.png&#8221; title_text=&#8221;casa-affitto-10&#8243; align=&#8221;center&#8221; _builder_version=&#8221;4.27.4&#8243; _module_preset=&#8221;default&#8221; max_width=&#8221;48px&#8221; max_height=&#8221;48px&#8221; global_colors_info=&#8221;{}&#8221;][\/et_pb_image][et_pb_text _builder_version=&#8221;4.27.4&#8243; _module_preset=&#8221;d79881ed-662e-4b38-8db1-9a839d9e933b&#8221; header_4_font=&#8221;Bellota|700|||||||&#8221; text_orientation=&#8221;center&#8221; custom_margin=&#8221;||0px||false|false&#8221; header_4_font_size_phone=&#8221;19px&#8221; global_colors_info=&#8221;{}&#8221;]<\/p>\n<h4>Spazi esterni<\/h4>\n<p>[\/et_pb_text][et_pb_text _builder_version=&#8221;4.27.4&#8243; _module_preset=&#8221;901417d0-b1c1-4e5a-b1db-742c9ee4e332&#8243; text_orientation=&#8221;center&#8221; max_width_tablet=&#8221;300px&#8221; max_width_phone=&#8221;300px&#8221; max_width_last_edited=&#8221;on|tablet&#8221; module_alignment=&#8221;center&#8221; text_font_size_phone=&#8221;16px&#8221; global_colors_info=&#8221;{}&#8221;]<\/p>\n<p>Lo spazio esterno \u00e8 ricco di angoli soleggiati ed \u00e8 perfetto per rilassarsi, godersi i pasti, gli aperitivi e i barbecue.  <\/p>\n<p>[\/et_pb_text][\/et_pb_column][et_pb_column type=&#8221;1_3&#8243; _builder_version=&#8221;4.21.0&#8243; _module_preset=&#8221;default&#8221; global_colors_info=&#8221;{}&#8221;][et_pb_image src=&#8221;https:\/\/max-marina.com\/wp-content\/uploads\/2025\/06\/home-rental-09.png&#8221; title_text=&#8221;casa-affitto-09&#8243; align=&#8221;center&#8221; _builder_version=&#8221;4.27.4&#8243; _module_preset=&#8221;default&#8221; max_width=&#8221;48px&#8221; max_height=&#8221;48px&#8221; global_colors_info=&#8221;{}&#8221;][\/et_pb_image][et_pb_text _builder_version=&#8221;4.27.4&#8243; _module_preset=&#8221;d79881ed-662e-4b38-8db1-9a839d9e933b&#8221; header_4_font=&#8221;Bellota|700|||||||&#8221; text_orientation=&#8221;center&#8221; custom_margin=&#8221;||0px||false|false&#8221; header_4_font_size_phone=&#8221;19px&#8221; global_colors_info=&#8221;{}&#8221;]<\/p>\n<h4>Amichevole per le famiglie<\/h4>\n<p>[\/et_pb_text][et_pb_text _builder_version=&#8221;4.27.4&#8243; _module_preset=&#8221;901417d0-b1c1-4e5a-b1db-742c9ee4e332&#8243; text_orientation=&#8221;center&#8221; max_width_tablet=&#8221;300px&#8221; max_width_phone=&#8221;300px&#8221; max_width_last_edited=&#8221;on|tablet&#8221; module_alignment=&#8221;center&#8221; text_font_size_phone=&#8221;16px&#8221; global_colors_info=&#8221;{}&#8221;]<\/p>\n<p>La casa vacanze \u00e8 adatta alle famiglie, con tanto spazio, una posizione ideale vicino alla spiaggia e un arredamento che bilancia insieme e privacy.<\/p>\n<p>[\/et_pb_text][\/et_pb_column][et_pb_column type=&#8221;1_3&#8243; _builder_version=&#8221;4.21.0&#8243; _module_preset=&#8221;default&#8221; global_colors_info=&#8221;{}&#8221;][et_pb_image src=&#8221;https:\/\/max-marina.com\/wp-content\/uploads\/2025\/06\/home-rental-06.png&#8221; title_text=&#8221;casa-affitto-06&#8243; align=&#8221;center&#8221; _builder_version=&#8221;4.27.4&#8243; _module_preset=&#8221;default&#8221; max_width=&#8221;48px&#8221; max_height=&#8221;48px&#8221; global_colors_info=&#8221;{}&#8221;][\/et_pb_image][et_pb_text _builder_version=&#8221;4.27.4&#8243; _module_preset=&#8221;d79881ed-662e-4b38-8db1-9a839d9e933b&#8221; header_4_font=&#8221;Bellota|700|||||||&#8221; text_orientation=&#8221;center&#8221; custom_margin=&#8221;||0px||false|false&#8221; header_4_font_size_phone=&#8221;19px&#8221; global_colors_info=&#8221;{}&#8221;]<\/p>\n<h4>Cucina e sala da pranzo<\/h4>\n<p>[\/et_pb_text][et_pb_text _builder_version=&#8221;4.27.4&#8243; _module_preset=&#8221;901417d0-b1c1-4e5a-b1db-742c9ee4e332&#8243; text_orientation=&#8221;center&#8221; max_width_tablet=&#8221;300px&#8221; max_width_phone=&#8221;300px&#8221; max_width_last_edited=&#8221;on|tablet&#8221; module_alignment=&#8221;center&#8221; text_font_size_phone=&#8221;16px&#8221; global_colors_info=&#8221;{}&#8221;]<\/p>\n<p>La cucina e la zona pranzo sono completamente attrezzate e includono un barbecue. Ideale per gustare i pasti a casa, ma ci sono molti ristoranti a portata di mano! <\/p>\n<p>[\/et_pb_text][\/et_pb_column][\/et_pb_row][et_pb_row column_structure=&#8221;1_3,1_3,1_3&#8243; disabled_on=&#8221;off|on|off&#8221; _builder_version=&#8221;4.21.0&#8243; _module_preset=&#8221;default&#8221; locked=&#8221;off&#8221; global_colors_info=&#8221;{}&#8221;][et_pb_column type=&#8221;1_3&#8243; _builder_version=&#8221;4.21.0&#8243; _module_preset=&#8221;default&#8221; global_colors_info=&#8221;{}&#8221;][et_pb_image src=&#8221;https:\/\/max-marina.com\/wp-content\/uploads\/2025\/06\/home-rental-03.png&#8221; title_text=&#8221;casa-affitto-03&#8243; align=&#8221;center&#8221; _builder_version=&#8221;4.21.0&#8243; _module_preset=&#8221;default&#8221; max_width=&#8221;48px&#8221; max_height=&#8221;48px&#8221; global_colors_info=&#8221;{}&#8221;][\/et_pb_image][et_pb_text _builder_version=&#8221;4.27.4&#8243; _module_preset=&#8221;d79881ed-662e-4b38-8db1-9a839d9e933b&#8221; header_4_font=&#8221;Bellota|700|||||||&#8221; text_orientation=&#8221;center&#8221; custom_margin=&#8221;||0px||false|false&#8221; header_4_font_size_phone=&#8221;19px&#8221; global_colors_info=&#8221;{}&#8221;]<\/p>\n<h4>4 Camere da letto<\/h4>\n<p>[\/et_pb_text][et_pb_text _builder_version=&#8221;4.27.4&#8243; _module_preset=&#8221;901417d0-b1c1-4e5a-b1db-742c9ee4e332&#8243; text_orientation=&#8221;center&#8221; max_width_tablet=&#8221;300px&#8221; max_width_phone=&#8221;300px&#8221; max_width_last_edited=&#8221;on|tablet&#8221; module_alignment=&#8221;center&#8221; text_font_size_phone=&#8221;16px&#8221; global_colors_info=&#8221;{}&#8221;]Ci sono quattro eleganti camere da letto che possono ospitare fino a dodici persone, combinando comfort e privacy.[\/et_pb_text][\/et_pb_column][et_pb_column type=&#8221;1_3&#8243; _builder_version=&#8221;4.21.0&#8243; _module_preset=&#8221;default&#8221; global_colors_info=&#8221;{}&#8221;][et_pb_image src=&#8221;https:\/\/max-marina.com\/wp-content\/uploads\/2025\/06\/home-rental-07.png&#8221; title_text=&#8221;casa-affitto-07&#8243; align=&#8221;center&#8221; _builder_version=&#8221;4.27.4&#8243; _module_preset=&#8221;default&#8221; max_width=&#8221;48px&#8221; max_height=&#8221;48px&#8221; global_colors_info=&#8221;{}&#8221;][\/et_pb_image][et_pb_text _builder_version=&#8221;4.27.4&#8243; _module_preset=&#8221;d79881ed-662e-4b38-8db1-9a839d9e933b&#8221; header_4_font=&#8221;Bellota|700|||||||&#8221; text_orientation=&#8221;center&#8221; custom_margin=&#8221;||0px||false|false&#8221; header_4_font_size_phone=&#8221;19px&#8221; global_colors_info=&#8221;{}&#8221;]<\/p>\n<h4>4 Bagni<\/h4>\n<p>[\/et_pb_text][et_pb_text _builder_version=&#8221;4.27.4&#8243; _module_preset=&#8221;901417d0-b1c1-4e5a-b1db-742c9ee4e332&#8243; text_orientation=&#8221;center&#8221; max_width_tablet=&#8221;300px&#8221; max_width_phone=&#8221;300px&#8221; max_width_last_edited=&#8221;on|tablet&#8221; module_alignment=&#8221;center&#8221; text_font_size_phone=&#8221;16px&#8221; global_colors_info=&#8221;{}&#8221;]I quattro bagni moderni includono docce walk-in, una vasca da bagno e prodotti essenziali di qualit\u00e0 per un soggiorno piacevole.[\/et_pb_text][\/et_pb_column][et_pb_column type=&#8221;1_3&#8243; _builder_version=&#8221;4.21.0&#8243; _module_preset=&#8221;default&#8221; global_colors_info=&#8221;{}&#8221;][et_pb_image src=&#8221;https:\/\/max-marina.com\/wp-content\/uploads\/2025\/06\/home-rental-02.png&#8221; title_text=&#8221;casa-affitto-02&#8243; align=&#8221;center&#8221; _builder_version=&#8221;4.27.4&#8243; _module_preset=&#8221;default&#8221; max_width=&#8221;48px&#8221; max_height=&#8221;48px&#8221; global_colors_info=&#8221;{}&#8221;][\/et_pb_image][et_pb_text _builder_version=&#8221;4.27.4&#8243; _module_preset=&#8221;d79881ed-662e-4b38-8db1-9a839d9e933b&#8221; header_4_font=&#8221;Bellota|700|||||||&#8221; text_orientation=&#8221;center&#8221; custom_margin=&#8221;||0px||false|false&#8221; header_4_font_size_tablet=&#8221;&#8221; header_4_font_size_phone=&#8221;19px&#8221; header_4_font_size_last_edited=&#8221;on|phone&#8221; global_colors_info=&#8221;{}&#8221;]<\/p>\n<h4>Intrattenimento<\/h4>\n<p>[\/et_pb_text][et_pb_text _builder_version=&#8221;4.27.4&#8243; _module_preset=&#8221;901417d0-b1c1-4e5a-b1db-742c9ee4e332&#8243; text_orientation=&#8221;center&#8221; max_width_tablet=&#8221;300px&#8221; max_width_phone=&#8221;300px&#8221; max_width_last_edited=&#8221;on|tablet&#8221; module_alignment=&#8221;center&#8221; text_font_size_phone=&#8221;16px&#8221; global_colors_info=&#8221;{}&#8221;]Per l&#8217;intrattenimento, puoi usufruire di una smart TV, di un sistema audio e della connessione Wi-Fi ad alta velocit\u00e0 in tutta la casa.[\/et_pb_text][\/et_pb_column][\/et_pb_row][et_pb_row column_structure=&#8221;1_2,1_2&#8243; custom_padding_last_edited=&#8221;on|desktop&#8221; disabled_on=&#8221;on|off|on&#8221; _builder_version=&#8221;4.27.4&#8243; _module_preset=&#8221;default&#8221; width=&#8221;94%&#8221; custom_padding_tablet=&#8221;||0px||false|false&#8221; custom_padding_phone=&#8221;||0px||false|false&#8221; custom_css_main_element=&#8221;display: flex!important;&#8221; locked=&#8221;off&#8221; global_colors_info=&#8221;{}&#8221;][et_pb_column type=&#8221;1_2&#8243; _builder_version=&#8221;4.21.0&#8243; _module_preset=&#8221;default&#8221; global_colors_info=&#8221;{}&#8221;][et_pb_image src=&#8221;https:\/\/max-marina.com\/wp-content\/uploads\/2025\/06\/home-rental-10.png&#8221; title_text=&#8221;casa-affitto-10&#8243; align=&#8221;center&#8221; _builder_version=&#8221;4.27.4&#8243; _module_preset=&#8221;default&#8221; max_width=&#8221;48px&#8221; max_height=&#8221;48px&#8221; global_colors_info=&#8221;{}&#8221;][\/et_pb_image][et_pb_text _builder_version=&#8221;4.27.4&#8243; _module_preset=&#8221;d79881ed-662e-4b38-8db1-9a839d9e933b&#8221; header_4_font=&#8221;Bellota|700|||||||&#8221; text_orientation=&#8221;center&#8221; custom_margin=&#8221;||0px||false|false&#8221; header_4_font_size_tablet=&#8221;20px&#8221; global_colors_info=&#8221;{}&#8221;]<\/p>\n<h4>Spazi esterni<\/h4>\n<p>[\/et_pb_text][et_pb_text _builder_version=&#8221;4.27.4&#8243; _module_preset=&#8221;901417d0-b1c1-4e5a-b1db-742c9ee4e332&#8243; text_orientation=&#8221;center&#8221; max_width_tablet=&#8221;300px&#8221; max_width_phone=&#8221;300px&#8221; max_width_last_edited=&#8221;on|tablet&#8221; module_alignment=&#8221;center&#8221; text_font_size_tablet=&#8221;18px&#8221; global_colors_info=&#8221;{}&#8221;]<\/p>\n<p>Lo spazio esterno \u00e8 ricco di angoli soleggiati ed \u00e8 perfetto per rilassarsi, godersi i pasti, gli aperitivi e i barbecue.  <\/p>\n<p>[\/et_pb_text][\/et_pb_column][et_pb_column type=&#8221;1_2&#8243; _builder_version=&#8221;4.21.0&#8243; _module_preset=&#8221;default&#8221; global_colors_info=&#8221;{}&#8221;][et_pb_image src=&#8221;https:\/\/max-marina.com\/wp-content\/uploads\/2025\/06\/home-rental-09.png&#8221; title_text=&#8221;casa-affitto-09&#8243; align=&#8221;center&#8221; _builder_version=&#8221;4.27.4&#8243; _module_preset=&#8221;default&#8221; max_width=&#8221;48px&#8221; max_height=&#8221;48px&#8221; global_colors_info=&#8221;{}&#8221;][\/et_pb_image][et_pb_text _builder_version=&#8221;4.27.4&#8243; _module_preset=&#8221;d79881ed-662e-4b38-8db1-9a839d9e933b&#8221; header_4_font=&#8221;Bellota|700|||||||&#8221; text_orientation=&#8221;center&#8221; custom_margin=&#8221;||0px||false|false&#8221; header_4_font_size_tablet=&#8221;20px&#8221; global_colors_info=&#8221;{}&#8221;]<\/p>\n<h4>Amichevole per le famiglie<\/h4>\n<p>[\/et_pb_text][et_pb_text _builder_version=&#8221;4.27.4&#8243; _module_preset=&#8221;901417d0-b1c1-4e5a-b1db-742c9ee4e332&#8243; text_orientation=&#8221;center&#8221; max_width_tablet=&#8221;300px&#8221; max_width_phone=&#8221;300px&#8221; max_width_last_edited=&#8221;on|tablet&#8221; module_alignment=&#8221;center&#8221; text_font_size_tablet=&#8221;18px&#8221; global_colors_info=&#8221;{}&#8221;]La casa \u00e8 adatta alle famiglie, offre molto spazio, una posizione sicura e raggiungibile a piedi vicino alla spiaggia e una disposizione che bilancia insieme e privacy.[\/et_pb_text][\/et_pb_column][\/et_pb_row][et_pb_row column_structure=&#8221;1_2,1_2&#8243; custom_padding_last_edited=&#8221;on|desktop&#8221; disabled_on=&#8221;on|off|on&#8221; _builder_version=&#8221;4.27.4&#8243; _module_preset=&#8221;default&#8221; width=&#8221;94%&#8221; custom_padding_tablet=&#8221;||0px||false|false&#8221; custom_padding_phone=&#8221;||0px||false|false&#8221; custom_css_main_element=&#8221;display: flex!important;&#8221; locked=&#8221;off&#8221; global_colors_info=&#8221;{}&#8221;][et_pb_column type=&#8221;1_2&#8243; _builder_version=&#8221;4.21.0&#8243; _module_preset=&#8221;default&#8221; global_colors_info=&#8221;{}&#8221;][et_pb_image src=&#8221;https:\/\/max-marina.com\/wp-content\/uploads\/2025\/06\/home-rental-06.png&#8221; title_text=&#8221;casa-affitto-06&#8243; align=&#8221;center&#8221; _builder_version=&#8221;4.27.4&#8243; _module_preset=&#8221;default&#8221; max_width=&#8221;48px&#8221; max_height=&#8221;48px&#8221; global_colors_info=&#8221;{}&#8221;][\/et_pb_image][et_pb_text _builder_version=&#8221;4.27.4&#8243; _module_preset=&#8221;d79881ed-662e-4b38-8db1-9a839d9e933b&#8221; header_4_font=&#8221;Bellota|700|||||||&#8221; text_orientation=&#8221;center&#8221; custom_margin=&#8221;||0px||false|false&#8221; header_4_font_size_tablet=&#8221;20px&#8221; global_colors_info=&#8221;{}&#8221;]<\/p>\n<h4>Cucina e sala da pranzo<\/h4>\n<p>[\/et_pb_text][et_pb_text _builder_version=&#8221;4.27.4&#8243; _module_preset=&#8221;901417d0-b1c1-4e5a-b1db-742c9ee4e332&#8243; text_orientation=&#8221;center&#8221; max_width_tablet=&#8221;300px&#8221; max_width_phone=&#8221;300px&#8221; max_width_last_edited=&#8221;on|tablet&#8221; module_alignment=&#8221;center&#8221; text_font_size_tablet=&#8221;18px&#8221; global_colors_info=&#8221;{}&#8221;]La cucina e la zona pranzo sono completamente attrezzate e includono un barbecue. Ideale per gustare i pasti a casa, ma ci sono molti ristoranti a portata di mano![\/et_pb_text][\/et_pb_column][et_pb_column type=&#8221;1_2&#8243; _builder_version=&#8221;4.21.0&#8243; _module_preset=&#8221;default&#8221; global_colors_info=&#8221;{}&#8221;][et_pb_image src=&#8221;https:\/\/max-marina.com\/wp-content\/uploads\/2025\/06\/home-rental-03.png&#8221; title_text=&#8221;casa-affitto-03&#8243; align=&#8221;center&#8221; _builder_version=&#8221;4.21.0&#8243; _module_preset=&#8221;default&#8221; max_width=&#8221;48px&#8221; max_height=&#8221;48px&#8221; locked=&#8221;off&#8221; global_colors_info=&#8221;{}&#8221;][\/et_pb_image][et_pb_text _builder_version=&#8221;4.27.4&#8243; _module_preset=&#8221;d79881ed-662e-4b38-8db1-9a839d9e933b&#8221; header_4_font=&#8221;Bellota|700|||||||&#8221; text_orientation=&#8221;center&#8221; custom_margin=&#8221;||0px||false|false&#8221; custom_padding=&#8221;||||false|false&#8221; header_4_font_size_tablet=&#8221;20px&#8221; locked=&#8221;off&#8221; global_colors_info=&#8221;{}&#8221;]<\/p>\n<h4>4 Camere da letto<\/h4>\n<p>[\/et_pb_text][et_pb_text _builder_version=&#8221;4.27.4&#8243; _module_preset=&#8221;901417d0-b1c1-4e5a-b1db-742c9ee4e332&#8243; text_orientation=&#8221;center&#8221; max_width_tablet=&#8221;300px&#8221; max_width_phone=&#8221;300px&#8221; max_width_last_edited=&#8221;on|tablet&#8221; module_alignment=&#8221;center&#8221; text_font_size_tablet=&#8221;18px&#8221; locked=&#8221;off&#8221; global_colors_info=&#8221;{}&#8221;]Ci sono quattro eleganti camere da letto che possono ospitare fino a dodici persone, combinando comfort e privacy.[\/et_pb_text][\/et_pb_column][\/et_pb_row][et_pb_row column_structure=&#8221;1_2,1_2&#8243; custom_padding_last_edited=&#8221;on|desktop&#8221; disabled_on=&#8221;on|off|on&#8221; _builder_version=&#8221;4.27.4&#8243; _module_preset=&#8221;default&#8221; width=&#8221;94%&#8221; custom_padding_tablet=&#8221;||0px||false|false&#8221; custom_padding_phone=&#8221;||0px||false|false&#8221; custom_css_main_element=&#8221;display: flex!important;&#8221; locked=&#8221;off&#8221; global_colors_info=&#8221;{}&#8221;][et_pb_column type=&#8221;1_2&#8243; _builder_version=&#8221;4.21.0&#8243; _module_preset=&#8221;default&#8221; global_colors_info=&#8221;{}&#8221;][et_pb_image src=&#8221;https:\/\/max-marina.com\/wp-content\/uploads\/2025\/06\/home-rental-07.png&#8221; title_text=&#8221;casa-affitto-07&#8243; align=&#8221;center&#8221; _builder_version=&#8221;4.27.4&#8243; _module_preset=&#8221;default&#8221; max_width=&#8221;48px&#8221; max_height=&#8221;48px&#8221; locked=&#8221;off&#8221; global_colors_info=&#8221;{}&#8221;][\/et_pb_image][et_pb_text _builder_version=&#8221;4.27.4&#8243; _module_preset=&#8221;d79881ed-662e-4b38-8db1-9a839d9e933b&#8221; header_4_font=&#8221;Bellota|700|||||||&#8221; text_orientation=&#8221;center&#8221; custom_margin=&#8221;||0px||false|false&#8221; header_4_font_size_tablet=&#8221;20px&#8221; header_4_font_size_phone=&#8221;20px&#8221; header_4_font_size_last_edited=&#8221;on|phone&#8221; locked=&#8221;off&#8221; global_colors_info=&#8221;{}&#8221;]<\/p>\n<h4>4 Bagni<\/h4>\n<p>[\/et_pb_text][et_pb_text _builder_version=&#8221;4.27.4&#8243; _module_preset=&#8221;901417d0-b1c1-4e5a-b1db-742c9ee4e332&#8243; text_orientation=&#8221;center&#8221; max_width_tablet=&#8221;300px&#8221; max_width_phone=&#8221;300px&#8221; max_width_last_edited=&#8221;on|tablet&#8221; module_alignment=&#8221;center&#8221; text_font_size_tablet=&#8221;18px&#8221; locked=&#8221;off&#8221; global_colors_info=&#8221;{}&#8221;]I quattro bagni moderni includono docce walk-in, una vasca da bagno e prodotti essenziali di qualit\u00e0 per un soggiorno piacevole.[\/et_pb_text][\/et_pb_column][et_pb_column type=&#8221;1_2&#8243; _builder_version=&#8221;4.21.0&#8243; _module_preset=&#8221;default&#8221; global_colors_info=&#8221;{}&#8221;][et_pb_image src=&#8221;https:\/\/max-marina.com\/wp-content\/uploads\/2025\/06\/home-rental-02.png&#8221; title_text=&#8221;casa-affitto-02&#8243; align=&#8221;center&#8221; _builder_version=&#8221;4.27.4&#8243; _module_preset=&#8221;default&#8221; max_width=&#8221;48px&#8221; max_height=&#8221;48px&#8221; locked=&#8221;off&#8221; global_colors_info=&#8221;{}&#8221;][\/et_pb_image][et_pb_text _builder_version=&#8221;4.27.4&#8243; _module_preset=&#8221;d79881ed-662e-4b38-8db1-9a839d9e933b&#8221; header_4_font=&#8221;Bellota|700|||||||&#8221; text_orientation=&#8221;center&#8221; custom_margin=&#8221;||0px||false|false&#8221; header_4_font_size_tablet=&#8221;20px&#8221; locked=&#8221;off&#8221; global_colors_info=&#8221;{}&#8221;]<\/p>\n<h4>Intrattenimento<\/h4>\n<p>[\/et_pb_text][et_pb_text _builder_version=&#8221;4.27.4&#8243; _module_preset=&#8221;901417d0-b1c1-4e5a-b1db-742c9ee4e332&#8243; text_orientation=&#8221;center&#8221; max_width_tablet=&#8221;300px&#8221; max_width_phone=&#8221;300px&#8221; max_width_last_edited=&#8221;on|tablet&#8221; module_alignment=&#8221;center&#8221; text_font_size_tablet=&#8221;18px&#8221; locked=&#8221;off&#8221; global_colors_info=&#8221;{}&#8221;]Per l&#8217;intrattenimento, puoi usufruire di una smart TV, di un sistema audio e della connessione Wi-Fi ad alta velocit\u00e0 in tutta la casa.[\/et_pb_text][\/et_pb_column][\/et_pb_row][et_pb_row custom_padding_last_edited=&#8221;on|tablet&#8221; _builder_version=&#8221;4.27.4&#8243; _module_preset=&#8221;default&#8221; width=&#8221;94%&#8221; width_tablet=&#8221;92%&#8221; width_phone=&#8221;92%&#8221; width_last_edited=&#8221;on|tablet&#8221; max_width=&#8221;2000px&#8221; custom_padding=&#8221;40px||0px|||&#8221; custom_padding_tablet=&#8221;15px||||false|false&#8221; custom_padding_phone=&#8221;15px||0px||false|false&#8221; locked=&#8221;off&#8221; global_colors_info=&#8221;{}&#8221;][et_pb_column type=&#8221;4_4&#8243; _builder_version=&#8221;4.27.4&#8243; _module_preset=&#8221;default&#8221; global_colors_info=&#8221;{}&#8221;][dsm_image_carousel gallery_ids=&#8221;762,780,758,759,771,781,763,756,769,782,772,751&#8243; slide_to_show=&#8221;5&#8243; autoplay_speed=&#8221;6000&#8243; space_between=&#8221;55&#8243; infinite=&#8221;off&#8221; arrows=&#8221;off&#8221; dots=&#8221;off&#8221; show_lightbox=&#8221;on&#8221; show_lightbox_gallery=&#8221;on&#8221; slide_to_show_tablet=&#8221;4&#8243; slide_to_show_phone=&#8221;2&#8243; slide_to_show_last_edited=&#8221;on|tablet&#8221; space_between_tablet=&#8221;15&#8243; space_between_phone=&#8221;15&#8243; space_between_last_edited=&#8221;on|phone&#8221; _builder_version=&#8221;4.27.4&#8243; _module_preset=&#8221;default&#8221; border_radii_image=&#8221;on|10px|10px|10px|10px&#8221; global_colors_info=&#8221;{}&#8221;][\/dsm_image_carousel][\/et_pb_column][\/et_pb_row][et_pb_row _builder_version=&#8221;4.27.4&#8243; _module_preset=&#8221;default&#8221; custom_padding=&#8221;0px|||||&#8221; global_colors_info=&#8221;{}&#8221;][et_pb_column type=&#8221;4_4&#8243; _builder_version=&#8221;4.27.4&#8243; _module_preset=&#8221;default&#8221; global_colors_info=&#8221;{}&#8221;][et_pb_button button_url=&#8221;https:\/\/max-marina.com\/it\/galleria\/&#8221; button_text=&#8221;Vedi altre immagini&#8221; button_alignment=&#8221;center&#8221; disabled_on=&#8221;off|off|off&#8221; _builder_version=&#8221;4.27.4&#8243; _module_preset=&#8221;01552cb6-5171-4588-a480-6895ce26a9ff&#8221; button_text_color=&#8221;#000000&#8243; button_border_width=&#8221;2px&#8221; button_border_color=&#8221;RGBA(255,255,255,0)&#8221; button_use_icon=&#8221;off&#8221; custom_padding=&#8221;15px|0px|15px|0px|true|true&#8221; hover_enabled=&#8221;0&#8243; locked=&#8221;off&#8221; global_colors_info=&#8221;{}&#8221; transform_styles__hover_enabled=&#8221;on|hover&#8221; transform_scale__hover_enabled=&#8221;on|hover&#8221; transform_translate__hover_enabled=&#8221;on|desktop&#8221; transform_rotate__hover_enabled=&#8221;on|desktop&#8221; transform_skew__hover_enabled=&#8221;on|desktop&#8221; transform_origin__hover_enabled=&#8221;on|desktop&#8221; transform_scale__hover=&#8221;105%|105%&#8221; sticky_enabled=&#8221;0&#8243;][\/et_pb_button][\/et_pb_column][\/et_pb_row][\/et_pb_section][et_pb_section fb_built=&#8221;1&#8243; custom_padding_last_edited=&#8221;on|tablet&#8221; disabled_on=&#8221;off|on|off&#8221; admin_label=&#8221;Call to Action&#8221; _builder_version=&#8221;4.27.4&#8243; _module_preset=&#8221;default&#8221; custom_padding=&#8221;0px||20px||false|false&#8221; custom_padding_tablet=&#8221;0px||0px||false|false&#8221; custom_padding_phone=&#8221;0px||0px||false|false&#8221; locked=&#8221;off&#8221; collapsed=&#8221;on&#8221; global_colors_info=&#8221;{}&#8221;][et_pb_row column_structure=&#8221;3_5,2_5&#8243; use_custom_gutter=&#8221;on&#8221; gutter_width=&#8221;2&#8243; make_equal=&#8221;on&#8221; disabled_on=&#8221;off|on|on&#8221; _builder_version=&#8221;4.27.4&#8243; _module_preset=&#8221;default&#8221; width=&#8221;94%&#8221; width_tablet=&#8221;92%&#8221; width_phone=&#8221;92%&#8221; width_last_edited=&#8221;on|desktop&#8221; max_width=&#8221;1350px&#8221; global_colors_info=&#8221;{}&#8221; custom_css_main_element_last_edited=&#8221;on|desktop&#8221;][et_pb_column type=&#8221;3_5&#8243; _builder_version=&#8221;4.27.4&#8243; _module_preset=&#8221;default&#8221; background_image=&#8221;https:\/\/max-marina.com\/wp-content\/uploads\/2026\/01\/Living-and-Kitchen-2.webp&#8221; border_radii=&#8221;on|10px|10px|10px|10px&#8221; global_colors_info=&#8221;{}&#8221;][et_pb_divider show_divider=&#8221;off&#8221; _builder_version=&#8221;4.21.0&#8243; _module_preset=&#8221;default&#8221; height_tablet=&#8221;40vw&#8221; height_phone=&#8221;40vw&#8221; height_last_edited=&#8221;on|desktop&#8221; locked=&#8221;off&#8221; global_colors_info=&#8221;{}&#8221;][\/et_pb_divider][\/et_pb_column][et_pb_column type=&#8221;2_5&#8243; _builder_version=&#8221;4.27.4&#8243; _module_preset=&#8221;default&#8221; background_color=&#8221;gcid-3739f6af-6ec3-431f-9233-3cdc85f4270b&#8221; custom_padding=&#8221;7vw|50px|7vw|50px|true|true&#8221; custom_padding_tablet=&#8221;|30px||30px|false|true&#8221; custom_padding_phone=&#8221;|20px||20px|true|true&#8221; custom_padding_last_edited=&#8221;on|desktop&#8221; border_radii=&#8221;on|10px|10px|10px|10px&#8221; global_colors_info=&#8221;{%22gcid-3739f6af-6ec3-431f-9233-3cdc85f4270b%22:%91%22background_color%22%93}&#8221;][et_pb_text _builder_version=&#8221;4.27.4&#8243; _module_preset=&#8221;5cefb973-c750-4398-ba3a-71953e6e8cb3&#8243; header_3_font=&#8221;Bellota|700|||||||&#8221; header_3_text_color=&#8221;#FFFFFF&#8221; custom_margin=&#8221;||10px||false|false&#8221; header_3_text_align_tablet=&#8221;&#8221; header_3_text_align_phone=&#8221;center&#8221; header_3_text_align_last_edited=&#8221;on|phone&#8221; header_3_font_size_phone=&#8221;19px&#8221; global_colors_info=&#8221;{}&#8221;]<\/p>\n<h3>Prenota il tuo soggiorno<\/h3>\n<p>[\/et_pb_text][et_pb_text _builder_version=&#8221;4.27.4&#8243; _module_preset=&#8221;3b9fadb2-347f-417e-ab83-cdc7363254ff&#8221; text_font=&#8221;Bellota Text|700|||||||&#8221; text_text_color=&#8221;#FFFFFF&#8221; custom_margin=&#8221;||25px||false|false&#8221; text_font_size_phone=&#8221;16px&#8221; text_orientation_tablet=&#8221;&#8221; text_orientation_phone=&#8221;center&#8221; text_orientation_last_edited=&#8221;on|phone&#8221; global_colors_info=&#8221;{}&#8221;]<\/p>\n<p>Benvenuto nella tua prossima fuga indimenticabile. Prenotare la nostra casa vacanze direttamente attraverso il nostro sito web garantisce le migliori tariffe disponibili, nessuna spesa nascosta e un tocco personale da parte del nostro team locale. <\/p>\n<p>[\/et_pb_text][et_pb_button button_url=&#8221;https:\/\/max-marina.com\/it\/prenotazione\/&#8221; button_text=&#8221;Prezzo e disponibilit\u00e0&#8221; button_alignment_tablet=&#8221;&#8221; button_alignment_phone=&#8221;center&#8221; button_alignment_last_edited=&#8221;on|phone&#8221; _builder_version=&#8221;4.27.4&#8243; _module_preset=&#8221;01552cb6-5171-4588-a480-6895ce26a9ff&#8221; custom_padding=&#8221;15px|24px|15px|24px|true|true&#8221; locked=&#8221;off&#8221; global_colors_info=&#8221;{}&#8221;][\/et_pb_button][\/et_pb_column][\/et_pb_row][et_pb_row column_structure=&#8221;2_5,3_5&#8243; use_custom_gutter=&#8221;on&#8221; gutter_width=&#8221;2&#8243; make_equal=&#8221;on&#8221; custom_padding_last_edited=&#8221;on|desktop&#8221; disabled_on=&#8221;on|on|off&#8221; _builder_version=&#8221;4.27.4&#8243; _module_preset=&#8221;default&#8221; width=&#8221;94%&#8221; width_tablet=&#8221;92%&#8221; width_phone=&#8221;92%&#8221; width_last_edited=&#8221;on|desktop&#8221; max_width=&#8221;1350px&#8221; custom_padding=&#8221;40px||10px||false|false&#8221; custom_padding_tablet=&#8221;40px||10px||false|false&#8221; custom_padding_phone=&#8221;40px||10px||false|false&#8221; global_colors_info=&#8221;{}&#8221; custom_css_main_element_last_edited=&#8221;on|desktop&#8221;][et_pb_column type=&#8221;2_5&#8243; _builder_version=&#8221;4.27.4&#8243; _module_preset=&#8221;default&#8221; background_color=&#8221;gcid-3739f6af-6ec3-431f-9233-3cdc85f4270b&#8221; custom_padding=&#8221;7vw|50px|7vw|50px|true|true&#8221; custom_padding_tablet=&#8221;|30px||30px|false|true&#8221; custom_padding_phone=&#8221;|20px||20px|true|true&#8221; custom_padding_last_edited=&#8221;on|desktop&#8221; border_radii=&#8221;on|10px|10px|10px|10px&#8221; global_colors_info=&#8221;{%22gcid-3739f6af-6ec3-431f-9233-3cdc85f4270b%22:%91%22background_color%22%93}&#8221;][et_pb_text _builder_version=&#8221;4.27.4&#8243; _module_preset=&#8221;5cefb973-c750-4398-ba3a-71953e6e8cb3&#8243; header_3_font=&#8221;Bellota|700|||||||&#8221; header_3_text_color=&#8221;#FFFFFF&#8221; custom_margin=&#8221;||10px||false|false&#8221; header_3_text_align_tablet=&#8221;&#8221; header_3_text_align_phone=&#8221;center&#8221; header_3_text_align_last_edited=&#8221;on|phone&#8221; header_3_font_size_phone=&#8221;19px&#8221; global_colors_info=&#8221;{}&#8221;]<\/p>\n<h3>Prenota il tuo soggiorno<\/h3>\n<p>[\/et_pb_text][et_pb_text _builder_version=&#8221;4.27.4&#8243; _module_preset=&#8221;3b9fadb2-347f-417e-ab83-cdc7363254ff&#8221; text_font=&#8221;Bellota Text|700|||||||&#8221; text_text_color=&#8221;#FFFFFF&#8221; custom_margin=&#8221;||25px||false|false&#8221; text_font_size_phone=&#8221;16px&#8221; text_orientation_tablet=&#8221;&#8221; text_orientation_phone=&#8221;center&#8221; text_orientation_last_edited=&#8221;on|phone&#8221; global_colors_info=&#8221;{}&#8221;]<\/p>\n<p>Benvenuto nella tua prossima fuga indimenticabile. Prenotare la nostra casa vacanze direttamente attraverso il nostro sito web garantisce le migliori tariffe disponibili, nessuna spesa nascosta e un tocco personale da parte del nostro team locale. <\/p>\n<p>[\/et_pb_text][et_pb_button button_url=&#8221;https:\/\/max-marina.com\/it\/prenotazione\/&#8221; button_text=&#8221;Prezzo e disponibilit\u00e0&#8221; _builder_version=&#8221;4.27.4&#8243; _module_preset=&#8221;01552cb6-5171-4588-a480-6895ce26a9ff&#8221; custom_padding=&#8221;15px|24px|15px|24px|true|true&#8221; locked=&#8221;off&#8221; global_colors_info=&#8221;{}&#8221;][\/et_pb_button][\/et_pb_column][et_pb_column type=&#8221;3_5&#8243; _builder_version=&#8221;4.27.4&#8243; _module_preset=&#8221;default&#8221; background_image=&#8221;https:\/\/max-marina.com\/wp-content\/uploads\/2026\/01\/Living-and-Kitchen-2.webp&#8221; border_radii=&#8221;on|10px|10px|10px|10px&#8221; global_colors_info=&#8221;{}&#8221;][et_pb_divider show_divider=&#8221;off&#8221; _builder_version=&#8221;4.21.0&#8243; _module_preset=&#8221;default&#8221; height_tablet=&#8221;40vw&#8221; height_phone=&#8221;40vw&#8221; height_last_edited=&#8221;on|desktop&#8221; locked=&#8221;off&#8221; global_colors_info=&#8221;{}&#8221;][\/et_pb_divider][\/et_pb_column][\/et_pb_row][et_pb_row column_structure=&#8221;3_5,2_5&#8243; use_custom_gutter=&#8221;on&#8221; gutter_width=&#8221;2&#8243; make_equal=&#8221;on&#8221; custom_padding_last_edited=&#8221;on|tablet&#8221; disabled_on=&#8221;off|on|off&#8221; _builder_version=&#8221;4.27.4&#8243; _module_preset=&#8221;default&#8221; width=&#8221;94%&#8221; width_tablet=&#8221;92%&#8221; width_phone=&#8221;92%&#8221; width_last_edited=&#8221;on|tablet&#8221; max_width=&#8221;1350px&#8221; custom_padding=&#8221;||20px||false|false&#8221; custom_padding_tablet=&#8221;||||false|false&#8221; custom_padding_phone=&#8221;||||false|false&#8221; global_colors_info=&#8221;{}&#8221;][et_pb_column type=&#8221;3_5&#8243; _builder_version=&#8221;4.27.4&#8243; _module_preset=&#8221;default&#8221; background_image=&#8221;https:\/\/max-marina.com\/wp-content\/uploads\/2026\/01\/AdobeStock_40281345.webp&#8221; border_radii=&#8221;on|10px|10px|10px|10px&#8221; global_colors_info=&#8221;{}&#8221;][et_pb_divider show_divider=&#8221;off&#8221; _builder_version=&#8221;4.21.0&#8243; _module_preset=&#8221;default&#8221; height_tablet=&#8221;40vw&#8221; height_phone=&#8221;40vw&#8221; height_last_edited=&#8221;on|desktop&#8221; locked=&#8221;off&#8221; global_colors_info=&#8221;{}&#8221;][\/et_pb_divider][\/et_pb_column][et_pb_column type=&#8221;2_5&#8243; _builder_version=&#8221;4.27.4&#8243; _module_preset=&#8221;default&#8221; background_color=&#8221;gcid-70184d90-89dc-4d37-8a72-67bb78c7369e&#8221; custom_padding=&#8221;7vw|50px|7vw|50px|true|true&#8221; custom_padding_tablet=&#8221;|30px||30px|true|true&#8221; custom_padding_phone=&#8221;|20px||20px|true|true&#8221; custom_padding_last_edited=&#8221;on|phone&#8221; border_radii=&#8221;on|10px|10px|10px|10px&#8221; global_colors_info=&#8221;{%22gcid-70184d90-89dc-4d37-8a72-67bb78c7369e%22:%91%22background_color%22%93}&#8221;][et_pb_text _builder_version=&#8221;4.27.4&#8243; _module_preset=&#8221;5cefb973-c750-4398-ba3a-71953e6e8cb3&#8243; header_3_font=&#8221;Bellota|700|||||||&#8221; header_3_text_color=&#8221;#000000&#8243; custom_margin=&#8221;||10px||false|false&#8221; header_3_text_align_tablet=&#8221;&#8221; header_3_text_align_phone=&#8221;center&#8221; header_3_text_align_last_edited=&#8221;on|phone&#8221; header_3_font_size_phone=&#8221;19px&#8221; global_colors_info=&#8221;{}&#8221;]<\/p>\n<h3>Citt\u00e0 e attivit\u00e0<\/h3>\n<p>[\/et_pb_text][et_pb_text _builder_version=&#8221;4.27.4&#8243; _module_preset=&#8221;3b9fadb2-347f-417e-ab83-cdc7363254ff&#8221; text_font=&#8221;Bellota Text|700|||||||&#8221; custom_margin=&#8221;||25px||false|false&#8221; text_font_size_phone=&#8221;16px&#8221; text_orientation_tablet=&#8221;&#8221; text_orientation_phone=&#8221;center&#8221; text_orientation_last_edited=&#8221;on|phone&#8221; global_colors_info=&#8221;{}&#8221;]Grado \u00e8 una bellissima destinazione balneare sulla costa adriatica italiana, nota per le sue spiagge sabbiose, il centro storico e i canali panoramici. I visitatori possono godersi rilassanti giornate in spiaggia, gite in barca nella laguna, escursioni in bicicletta nella natura, esplorare le rovine romane e gustare pesce fresco negli autentici ristoranti locali, perfetti per una vacanza italiana memorabile.[\/et_pb_text][et_pb_button button_url=&#8221;https:\/\/max-marina.com\/it\/prenotazione\/&#8221; button_text=&#8221;Prezzo e disponibilit\u00e0&#8221; button_alignment_tablet=&#8221;&#8221; button_alignment_phone=&#8221;center&#8221; button_alignment_last_edited=&#8221;on|phone&#8221; _builder_version=&#8221;4.27.4&#8243; _module_preset=&#8221;01552cb6-5171-4588-a480-6895ce26a9ff&#8221; button_text_color=&#8221;#222222&#8243; button_border_color=&#8221;#222222&#8243; custom_padding=&#8221;15px|24px|15px|24px|true|true&#8221; locked=&#8221;off&#8221; global_colors_info=&#8221;{}&#8221;][\/et_pb_button][\/et_pb_column][\/et_pb_row][\/et_pb_section][et_pb_section fb_built=&#8221;1&#8243; custom_padding_last_edited=&#8221;on|tablet&#8221; disabled_on=&#8221;on|off|on&#8221; admin_label=&#8221;Call to Action&#8221; _builder_version=&#8221;4.27.4&#8243; _module_preset=&#8221;default&#8221; custom_padding=&#8221;0px||20px||false|false&#8221; custom_padding_tablet=&#8221;0px||0px||false|false&#8221; custom_padding_phone=&#8221;0px||0px||false|false&#8221; locked=&#8221;off&#8221; collapsed=&#8221;on&#8221; global_colors_info=&#8221;{}&#8221;][et_pb_row column_structure=&#8221;1_2,1_2&#8243; use_custom_gutter=&#8221;on&#8221; gutter_width=&#8221;2&#8243; make_equal=&#8221;on&#8221; _builder_version=&#8221;4.27.4&#8243; _module_preset=&#8221;default&#8221; background_color=&#8221;#27292f&#8221; width=&#8221;94%&#8221; width_tablet=&#8221;92%&#8221; width_phone=&#8221;80%&#8221; width_last_edited=&#8221;on|desktop&#8221; max_width=&#8221;2000px&#8221; custom_margin=&#8221;25px||0px||false|false&#8221; custom_padding=&#8221;0px||0px|||&#8221; border_radii=&#8221;on|10px|10px|10px|10px&#8221; global_colors_info=&#8221;{}&#8221; custom_css_main_element_last_edited=&#8221;on|desktop&#8221; custom_css_main_element_tablet=&#8221;display: flex;&#8221; custom_css_main_element_phone=&#8221;display: flex;&#8221;][et_pb_column type=&#8221;1_2&#8243; _builder_version=&#8221;4.27.4&#8243; _module_preset=&#8221;default&#8221; background_image=&#8221;https:\/\/max-marina.com\/wp-content\/uploads\/2026\/01\/Living-and-Kitchen-2.webp&#8221; custom_padding=&#8221;6vw||6vw||false|false&#8221; custom_css_main_element=&#8221;margin-bottom: 0px!important;&#8221; border_radii=&#8221;on|10px|10px|10px|10px&#8221; global_colors_info=&#8221;{}&#8221;][et_pb_divider show_divider=&#8221;off&#8221; _builder_version=&#8221;4.27.4&#8243; _module_preset=&#8221;default&#8221; custom_margin=&#8221;||||false|false&#8221; custom_padding=&#8221;||||false|false&#8221; global_colors_info=&#8221;{}&#8221;][\/et_pb_divider][\/et_pb_column][et_pb_column type=&#8221;1_2&#8243; _builder_version=&#8221;4.27.4&#8243; _module_preset=&#8221;default&#8221; background_color=&#8221;gcid-3739f6af-6ec3-431f-9233-3cdc85f4270b&#8221; custom_padding=&#8221;7vw|50px|7vw|50px|true|true&#8221; custom_padding_tablet=&#8221;6vw|30px|6vw|30px|false|true&#8221; custom_padding_phone=&#8221;|20px||20px|true|true&#8221; custom_padding_last_edited=&#8221;on|desktop&#8221; border_radii=&#8221;on|10px|10px|10px|10px&#8221; global_colors_info=&#8221;{%22gcid-3739f6af-6ec3-431f-9233-3cdc85f4270b%22:%91%22background_color%22%93}&#8221;][et_pb_text _builder_version=&#8221;4.27.4&#8243; _module_preset=&#8221;5cefb973-c750-4398-ba3a-71953e6e8cb3&#8243; header_3_text_color=&#8221;#FFFFFF&#8221; custom_margin=&#8221;||10px||false|false&#8221; global_colors_info=&#8221;{}&#8221;]<\/p>\n<h3>Prenota il tuo soggiorno<\/h3>\n<p>[\/et_pb_text][et_pb_text _builder_version=&#8221;4.27.4&#8243; _module_preset=&#8221;3b9fadb2-347f-417e-ab83-cdc7363254ff&#8221; text_font=&#8221;Bellota Text|700|||||||&#8221; text_text_color=&#8221;#FFFFFF&#8221; custom_margin=&#8221;||||false|false&#8221; custom_padding=&#8221;||||false|false&#8221; text_font_size_tablet=&#8221;17px&#8221; global_colors_info=&#8221;{}&#8221;]<\/p>\n<p>Benvenuto nella tua prossima fuga indimenticabile. Prenotare la nostra casa vacanze direttamente attraverso il nostro sito web garantisce le migliori tariffe disponibili, nessuna spesa nascosta e un tocco personale da parte del nostro team locale. <\/p>\n<p>[\/et_pb_text][et_pb_button button_url=&#8221;https:\/\/max-marina.com\/it\/prenotazione\/&#8221; button_text=&#8221;Prezzo e disponibilit\u00e0&#8221; _builder_version=&#8221;4.27.4&#8243; _module_preset=&#8221;01552cb6-5171-4588-a480-6895ce26a9ff&#8221; custom_padding=&#8221;15px|24px|15px|24px|true|true&#8221; locked=&#8221;off&#8221; global_colors_info=&#8221;{}&#8221;][\/et_pb_button][\/et_pb_column][\/et_pb_row][et_pb_row column_structure=&#8221;1_2,1_2&#8243; use_custom_gutter=&#8221;on&#8221; gutter_width=&#8221;2&#8243; make_equal=&#8221;on&#8221; custom_padding_last_edited=&#8221;on|tablet&#8221; _builder_version=&#8221;4.27.4&#8243; _module_preset=&#8221;default&#8221; background_color=&#8221;#f0f0f0&#8243; width=&#8221;94%&#8221; width_tablet=&#8221;92%&#8221; width_phone=&#8221;80%&#8221; width_last_edited=&#8221;on|tablet&#8221; max_width=&#8221;2000px&#8221; custom_margin=&#8221;30px||||false|false&#8221; custom_padding=&#8221;||20px||false|false&#8221; custom_padding_tablet=&#8221;0px||0px||false|false&#8221; custom_padding_phone=&#8221;||||false|false&#8221; custom_css_main_element=&#8221;display: flex;&#8221; border_radii=&#8221;on|10px|10px|10px|10px&#8221; global_colors_info=&#8221;{}&#8221;][et_pb_column type=&#8221;1_2&#8243; _builder_version=&#8221;4.27.4&#8243; _module_preset=&#8221;default&#8221; background_color=&#8221;gcid-70184d90-89dc-4d37-8a72-67bb78c7369e&#8221; custom_padding=&#8221;7vw|50px|7vw|50px|true|true&#8221; custom_padding_tablet=&#8221;|30px||30px|true|true&#8221; custom_padding_phone=&#8221;|20px||20px|true|true&#8221; custom_padding_last_edited=&#8221;on|phone&#8221; border_radii=&#8221;on|10px|10px|10px|10px&#8221; global_colors_info=&#8221;{%22gcid-70184d90-89dc-4d37-8a72-67bb78c7369e%22:%91%22background_color%22%93}&#8221;][et_pb_text _builder_version=&#8221;4.27.4&#8243; _module_preset=&#8221;5cefb973-c750-4398-ba3a-71953e6e8cb3&#8243; header_3_font=&#8221;Bellota|700|||||||&#8221; header_3_text_color=&#8221;#000000&#8243; custom_margin=&#8221;||10px||false|false&#8221; global_colors_info=&#8221;{}&#8221;]<\/p>\n<h3>Citt\u00e0 e attivit\u00e0<\/h3>\n<p>[\/et_pb_text][et_pb_text _builder_version=&#8221;4.27.4&#8243; _module_preset=&#8221;3b9fadb2-347f-417e-ab83-cdc7363254ff&#8221; text_font=&#8221;Bellota Text|700|||||||&#8221; text_font_size_tablet=&#8221;17px&#8221; global_colors_info=&#8221;{}&#8221;]<\/p>\n<p>Grado \u00e8 una bellissima destinazione balneare sulla costa adriatica italiana, nota per le sue spiagge sabbiose, il centro storico e i canali panoramici. I visitatori possono godersi rilassanti giornate in spiaggia, gite in barca nella laguna, escursioni in bicicletta nella natura, esplorare le rovine romane e gustare pesce fresco negli autentici ristoranti locali, perfetti per una vacanza italiana memorabile. <\/p>\n<p>[\/et_pb_text][et_pb_button button_url=&#8221;https:\/\/max-marina.com\/it\/prenotazione\/&#8221; button_text=&#8221;Prezzo e disponibilit\u00e0&#8221; _builder_version=&#8221;4.27.4&#8243; _module_preset=&#8221;01552cb6-5171-4588-a480-6895ce26a9ff&#8221; button_text_color=&#8221;#222222&#8243; button_border_color=&#8221;#222222&#8243; custom_padding=&#8221;15px|24px|15px|24px|true|true&#8221; locked=&#8221;off&#8221; global_colors_info=&#8221;{}&#8221;][\/et_pb_button][\/et_pb_column][et_pb_column type=&#8221;1_2&#8243; _builder_version=&#8221;4.27.4&#8243; _module_preset=&#8221;default&#8221; background_image=&#8221;https:\/\/max-marina.com\/wp-content\/uploads\/2026\/01\/AdobeStock_40281345.webp&#8221; background_position=&#8221;bottom_center&#8221; border_radii=&#8221;on|10px|10px|10px|10px&#8221; global_colors_info=&#8221;{}&#8221;][et_pb_divider show_divider=&#8221;off&#8221; _builder_version=&#8221;4.27.4&#8243; _module_preset=&#8221;default&#8221; height_tablet=&#8221;40vw&#8221; height_phone=&#8221;40vw&#8221; height_last_edited=&#8221;on|desktop&#8221; locked=&#8221;off&#8221; global_colors_info=&#8221;{}&#8221;][\/et_pb_divider][\/et_pb_column][\/et_pb_row][\/et_pb_section][et_pb_section fb_built=&#8221;1&#8243; custom_padding_last_edited=&#8221;on|desktop&#8221; admin_label=&#8221;Testimonials&#8221; _builder_version=&#8221;4.27.4&#8243; _module_preset=&#8221;default&#8221; custom_padding=&#8221;50px||||false|false&#8221; custom_padding_tablet=&#8221;0px||0px||false|false&#8221; custom_padding_phone=&#8221;0px||||false|false&#8221; locked=&#8221;off&#8221; collapsed=&#8221;on&#8221; global_colors_info=&#8221;{}&#8221;][et_pb_row _builder_version=&#8221;4.27.4&#8243; _module_preset=&#8221;default&#8221; width_tablet=&#8221;94%&#8221; width_phone=&#8221;98%&#8221; width_last_edited=&#8221;on|phone&#8221; global_colors_info=&#8221;{}&#8221;][et_pb_column type=&#8221;4_4&#8243; _builder_version=&#8221;4.21.0&#8243; _module_preset=&#8221;default&#8221; global_colors_info=&#8221;{}&#8221;][et_pb_slider show_pagination=&#8221;off&#8221; _builder_version=&#8221;4.27.4&#8243; _module_preset=&#8221;d8e31aa7-668b-4d41-9b96-af94f08d0c90&#8243; header_font=&#8221;Bellota Text|700|||||||&#8221; header_font_size=&#8221;26px&#8221; header_line_height=&#8221;1.6em&#8221; button_bg_color=&#8221;#677a84&#8243; custom_padding=&#8221;0px||80px||false|false&#8221; header_font_size_tablet=&#8221;21px&#8221; header_font_size_phone=&#8221;20px&#8221; locked=&#8221;off&#8221; global_colors_info=&#8221;{%22gcid-3739f6af-6ec3-431f-9233-3cdc85f4270b%22:%91%22button_bg_color%22%93,%22gcid-d056ff0b-a85f-45b3-bb11-a75debfb13bf%22:%91%22header_text_color%22,%22arrows_custom_color%22,%22header_text_color%22,%22arrows_custom_color%22%93,%22gcid-9d98294c-d1ae-4311-865c-0d2bedb19256%22:%91%22body_text_color%22,%22body_text_color%22%93}&#8221;][et_pb_slide heading=&#8221;%22\u00c8 stata la seconda volta che abbiamo soggiornato nella casa di Katrin ed \u00e8 stata di nuovo perfetta! Eravamo due famiglie con tre bambini e ogni famiglia ha avuto a disposizione un sacco di spazio privato! La casa vale sicuramente il suo prezzo. La comunicazione con Katrin \u00e8 stata facile e veloce! La casa si trova vicino al centro storico e al centro di Grado. A tre minuti a piedi, troverai un bel bar dove potrai gustare snack e vino. Il mercato del pesce \u00e8 a soli cinque minuti a piedi. Tutto quello che possiamo dire \u00e8: perfetto! Grazie! Torneremo l&apos;anno prossimo o forse in autunno, se la casa sar\u00e0 disponibile%22.&#8221; _builder_version=&#8221;4.27.4&#8243; _module_preset=&#8221;default&#8221; locked=&#8221;off&#8221; global_colors_info=&#8221;{}&#8221; sticky_transition=&#8221;on&#8221;]<\/p>\n<p><b>\u2605<\/b><b>\u2605<\/b><b>\u2605<\/b><b>\u2605<\/b><b>\u2605<\/b><\/p>\n<p>[\/et_pb_slide][et_pb_slide heading=&#8221;%22\u00c8 stata la seconda volta che abbiamo soggiornato nella casa di Katrin ed \u00e8 stata di nuovo perfetta! Eravamo due famiglie con tre bambini e ogni famiglia ha avuto a disposizione un sacco di spazio privato! La casa vale sicuramente il suo prezzo. La comunicazione con Katrin \u00e8 stata facile e veloce! La casa si trova vicino al centro storico e al centro di Grado. A tre minuti a piedi, troverai un bel bar dove potrai gustare snack e vino. Il mercato del pesce \u00e8 a soli cinque minuti a piedi. Tutto quello che possiamo dire \u00e8: perfetto! Grazie! Torneremo l&apos;anno prossimo o forse in autunno, se la casa sar\u00e0 disponibile%22.&#8221; _builder_version=&#8221;4.27.4&#8243; _module_preset=&#8221;default&#8221; locked=&#8221;off&#8221; global_colors_info=&#8221;{}&#8221; sticky_transition=&#8221;on&#8221;]<\/p>\n<p><b>\u2605<\/b><b>\u2605<\/b><b>\u2605<\/b><b>\u2605<\/b><b>\u2605<\/b><\/p>\n<p>[\/et_pb_slide][et_pb_slide heading=&#8221;%22Le foto non rendono giustizia all&apos;alloggio. Il cortile privato a disposizione degli ospiti era bellissimo. I servizi erano fantastici e la posizione ottimale consentiva di raggiungere qualsiasi punto di Grado molto velocemente. Altamente raccomandato.%22&#8243; _builder_version=&#8221;4.27.4&#8243; _module_preset=&#8221;default&#8221; locked=&#8221;off&#8221; global_colors_info=&#8221;{}&#8221; sticky_transition=&#8221;on&#8221;]<\/p>\n<p><b>\u2605<\/b><b>\u2605<\/b><b>\u2605<\/b><b>\u2605<\/b><b>\u2605<\/b><\/p>\n<p>[\/et_pb_slide][et_pb_slide heading=&#8221;%22Ci siamo sentiti molto a nostro agio. Abbiamo apprezzato particolarmente la vicinanza alla citt\u00e0, alla spiaggia e al porto. Inoltre, in ogni stanza c&apos;erano condizionatori d&apos;aria molto silenziosi e regolabili individualmente. Ogni camera da letto poteva essere completamente oscurata. Raramente abbiamo dormito cos\u00ec bene con cos\u00ec tante persone e temperature esterne cos\u00ec elevate%22.&#8221; _builder_version=&#8221;4.27.4&#8243; _module_preset=&#8221;default&#8221; locked=&#8221;off&#8221; global_colors_info=&#8221;{}&#8221; sticky_transition=&#8221;on&#8221;]<\/p>\n<p><b>\u2605<\/b><b>\u2605<\/b><b>\u2605<\/b><b>\u2605<\/b><b>\u2605<\/b><\/p>\n<p>[\/et_pb_slide][et_pb_slide heading=&#8221;%22Abbiamo trascorso un soggiorno meraviglioso in questa %22autentica%22 casa locale a Grado, vicino al vecchio porto e con una vista diretta sul canale d&apos;ingresso. Tutta la famiglia ha goduto di un posto perfetto. Stiamo ristrutturando la casa con tutti i comfort necessari. SUPER!%22&#8243; _builder_version=&#8221;4.27.4&#8243; _module_preset=&#8221;default&#8221; locked=&#8221;off&#8221; global_colors_info=&#8221;{}&#8221; sticky_transition=&#8221;on&#8221;]<\/p>\n<p><b>\u2605<\/b><b>\u2605<\/b><b>\u2605<\/b><b>\u2605<\/b><b>\u2605<\/b><\/p>\n<p>[\/et_pb_slide][\/et_pb_slider][\/et_pb_column][\/et_pb_row][\/et_pb_section]<\/p>\n","protected":false},"excerpt":{"rendered":"<p>Scopri la tua fuga perfetta nel cuore di GradoComfort, stile e vista sul portoQuesta casa privata completamente ristrutturata combina l&#8217;eleganza moderna con l&#8217;autentico carattere italiano. Pu\u00f2 ospitare fino a 12 persone in quattro eleganti camere da letto ed \u00e8 ideale per famiglie e gruppi che apprezzano il comfort, la posizione e i momenti indimenticabili da trascorrere insieme. La casa si trova nel vivace centro di Grado, affacciata sullo storico porto canale e a pochi passi dalla spiaggia. All&#8217;interno troverai spazi luminosi, arredi eleganti e tocchi di classe che ti faranno sentire subito a casa. Caratteristiche e serviziSpazi esterniLo spazio esterno \u00e8 ricco di angoli soleggiati ed \u00e8 perfetto per rilassarsi, godersi i pasti, gli aperitivi e i barbecue. Amichevole per le famiglieLa casa vacanze \u00e8 adatta alle famiglie, con tanto spazio, una posizione ideale vicino alla spiaggia e un arredamento che bilancia insieme e privacy.Cucina e sala da pranzoLa cucina e la zona pranzo sono completamente attrezzate e includono un barbecue. Ideale per gustare i pasti a casa, ma ci sono molti ristoranti a portata di mano! 4 Camere da lettoCi sono quattro eleganti camere da letto che possono ospitare fino a dodici persone, combinando comfort e privacy.4 BagniI quattro [&hellip;]<\/p>\n","protected":false},"author":1,"featured_media":0,"parent":0,"menu_order":0,"comment_status":"closed","ping_status":"closed","template":"","meta":{"_et_pb_use_builder":"on","_et_pb_old_content":"","_et_gb_content_width":"","footnotes":""},"class_list":["post-779","page","type-page","status-publish","hentry"],"_links":{"self":[{"href":"https:\/\/max-marina.com\/it\/wp-json\/wp\/v2\/pages\/779","targetHints":{"allow":["GET"]}}],"collection":[{"href":"https:\/\/max-marina.com\/it\/wp-json\/wp\/v2\/pages"}],"about":[{"href":"https:\/\/max-marina.com\/it\/wp-json\/wp\/v2\/types\/page"}],"author":[{"embeddable":true,"href":"https:\/\/max-marina.com\/it\/wp-json\/wp\/v2\/users\/1"}],"replies":[{"embeddable":true,"href":"https:\/\/max-marina.com\/it\/wp-json\/wp\/v2\/comments?post=779"}],"version-history":[{"count":6,"href":"https:\/\/max-marina.com\/it\/wp-json\/wp\/v2\/pages\/779\/revisions"}],"predecessor-version":[{"id":967,"href":"https:\/\/max-marina.com\/it\/wp-json\/wp\/v2\/pages\/779\/revisions\/967"}],"wp:attachment":[{"href":"https:\/\/max-marina.com\/it\/wp-json\/wp\/v2\/media?parent=779"}],"curies":[{"name":"wp","href":"https:\/\/api.w.org\/{rel}","templated":true}]}}